{"id":447,"date":"2017-12-08T08:58:19","date_gmt":"2017-12-08T07:58:19","guid":{"rendered":"http:\/\/traildelachouette.fr\/?page_id=447"},"modified":"2024-09-30T14:18:15","modified_gmt":"2024-09-30T13:18:15","slug":"dijon","status":"publish","type":"page","link":"https:\/\/www.traildelachouette.fr\/index.php\/dijon\/","title":{"rendered":"Dijon et la combe \u00e0 la serpent"},"content":{"rendered":"\n<p>Au X\u00e8me si\u00e8cle, le site de la combe \u00e0 la serpent, alors couvert de for\u00eat \u00e9tait, selon la l\u00e9gende, hant\u00e9 par une \u00ab&nbsp;vouivre&nbsp;\u00bb (femme serpent) vivant au creux des rochers et se baignant dans la Fontaine d\u2019Ouche \u2026 Plus prosa\u00efquement, on peut penser que le lieu aurait abrit\u00e9, pendant un temps, de nombreux serpents.<\/p>\n\n\n\n<p>Au cours du Moyen-\u00e2ge, les moines d\u00e9frich\u00e8rent certaines parties de la combe et plant\u00e8rent de la vigne en terrasses. L\u2019exploitation se poursuivit jusqu\u2019au d\u00e9but du XX\u00e8me si\u00e8cle. Des prairies pour moutons, des vergers, ainsi que des plantations de r\u00e9sineux la remplac\u00e8rent ensuite.<\/p>\n\n\n\n<p>Pendant les d\u00e9cennies suivantes et par manque d\u2019entretien, le taillis se substitua progressivement aux p\u00e2turages et les dijonnais prirent l\u2019habitude de venir randonner le dimanche, \u00e0 la belle saison, dans ce site redevenu sauvage.<\/p>\n\n\n\n<p>En 1962, la Combe fut int\u00e9gr\u00e9e dans les \u00e9tudes de la future \u00ab&nbsp;ZUP&nbsp;\u00bb de Dijon\/Lac afin de d\u00e9finit le p\u00e9rim\u00e8tre de la zone naturelle \u00e0 pr\u00e9server et d\u2019engager les premi\u00e8res acquisitions de terrains.<\/p>\n\n\n\n<p>Dix ans plus tard, le Parc naturel de la Combe \u00e0 la Serpent fut officiellement cr\u00e9\u00e9 et les premiers travaux d\u00e9but\u00e8rent en 1974, par la cr\u00e9ation de la zone sportive proche du quartier de la Fontaine d\u2019Ouche. Parall\u00e8lement \u00e0 ces travaux, les derniers achats de parcelles permirent une totale ma\u00eetrise fonci\u00e8re du site.<\/p>\n\n\n\n<p>D\u2019ann\u00e9es en ann\u00e9es, la Ville de Dijon poursuivra l\u2019am\u00e9nagement du parc en cr\u00e9ant plus de 28 km de chemins ou sentiers de randonn\u00e9e, des zones de pique-nique et de jeux, avec un constant souci de mise en valeur du site et de pr\u00e9servation des \u00e9quilibres \u00e9cologiques.<\/p>\n\n\n\n<p>V\u00e9ritable poumon vert de l\u2019agglom\u00e9ration dijonnaise, ce parc de 333 hectares contribue largement \u00e0 la qualit\u00e9 de vie des dijonnais.<\/p>\n","protected":false},"excerpt":{"rendered":"<p>Au X\u00e8me si\u00e8cle, le site de la combe \u00e0 la serpent, alors couvert de for\u00eat \u00e9tait, selon la l\u00e9gende, hant\u00e9 par une \u00ab&nbsp;vouivre&nbsp;\u00bb (femme serpent) vivant au creux des rochers et se baignant dans la Fontaine d\u2019Ouche \u2026 Plus prosa\u00efquement, <a class=\"more-link\" href=\"https:\/\/www.traildelachouette.fr\/index.php\/dijon\/\">Lire la suite &#8230;<\/a><\/p>\n","protected":false},"author":1,"featured_media":0,"parent":0,"menu_order":0,"comment_status":"closed","ping_status":"closed","template":"","meta":{"footnotes":""},"class_list":["post-447","page","type-page","status-publish","hentry"],"_links":{"self":[{"href":"https:\/\/www.traildelachouette.fr\/index.php\/wp-json\/wp\/v2\/pages\/447","targetHints":{"allow":["GET"]}}],"collection":[{"href":"https:\/\/www.traildelachouette.fr\/index.php\/wp-json\/wp\/v2\/pages"}],"about":[{"href":"https:\/\/www.traildelachouette.fr\/index.php\/wp-json\/wp\/v2\/types\/page"}],"author":[{"embeddable":true,"href":"https:\/\/www.traildelachouette.fr\/index.php\/wp-json\/wp\/v2\/users\/1"}],"replies":[{"embeddable":true,"href":"https:\/\/www.traildelachouette.fr\/index.php\/wp-json\/wp\/v2\/comments?post=447"}],"version-history":[{"count":4,"href":"https:\/\/www.traildelachouette.fr\/index.php\/wp-json\/wp\/v2\/pages\/447\/revisions"}],"predecessor-version":[{"id":1714,"href":"https:\/\/www.traildelachouette.fr\/index.php\/wp-json\/wp\/v2\/pages\/447\/revisions\/1714"}],"wp:attachment":[{"href":"https:\/\/www.traildelachouette.fr\/index.php\/wp-json\/wp\/v2\/media?parent=447"}],"curies":[{"name":"wp","href":"https:\/\/api.w.org\/{rel}","templated":true}]}}